{"id":6747,"date":"2020-03-01T10:52:04","date_gmt":"2020-03-01T09:52:04","guid":{"rendered":"https:\/\/www.economia-del-bene-comune.it\/firmen\/"},"modified":"2021-08-12T10:05:41","modified_gmt":"2021-08-12T08:05:41","slug":"firmen","status":"publish","type":"page","link":"https:\/\/www.economia-del-bene-comune.it\/de\/firmen\/","title":{"rendered":"Unternehmen"},"content":{"rendered":"<p>[et_pb_section fb_built=&#8221;1&#8243; _builder_version=&#8221;4.1&#8243; collapsed=&#8221;off&#8221;][et_pb_row admin_label=&#8221;IL BILANCIO&#8221; _builder_version=&#8221;4.1&#8243; background_color=&#8221;#009da5&#8243; background_enable_image=&#8221;off&#8221; parallax=&#8221;on&#8221; width=&#8221;75.8%&#8221; min_height=&#8221;10px&#8221; custom_margin=&#8221;|9px||53px||&#8221; custom_padding=&#8221;|279px||||&#8221; border_color_all=&#8221;rgba(0,0,0,0)&#8221;][et_pb_column type=&#8221;4_4&#8243; _builder_version=&#8221;4.1&#8243; transform_scale=&#8221;96%|96%&#8221; animation_style=&#8221;fade&#8221;][et_pb_text _builder_version=&#8221;4.1&#8243; text_font=&#8221;||||||||&#8221; text_text_color=&#8221;#ffffff&#8221; background_layout=&#8221;dark&#8221; custom_margin=&#8221;|-234px||||&#8221;]<\/p>\n<h1>Unternehmen<\/h1>\n<p>[\/et_pb_text][\/et_pb_column][\/et_pb_row][\/et_pb_section][et_pb_section fb_built=&#8221;1&#8243; _builder_version=&#8221;4.1&#8243; collapsed=&#8221;off&#8221;][et_pb_row column_structure=&#8221;1_2,1_2&#8243; admin_label=&#8221;IL BILANCIO&#8221; _builder_version=&#8221;4.1&#8243; background_enable_image=&#8221;off&#8221; parallax=&#8221;on&#8221; width=&#8221;75.8%&#8221; min_height=&#8221;10px&#8221; custom_margin=&#8221;|9px||53px||&#8221; custom_padding=&#8221;|279px||||&#8221; box_shadow_style=&#8221;preset1&#8243;][et_pb_column type=&#8221;1_2&#8243; _builder_version=&#8221;4.1&#8243; transform_scale=&#8221;96%|96%&#8221; animation_style=&#8221;fade&#8221;][et_pb_image src=&#8221;https:\/\/networld.gwoe.ch\/wp-content\/uploads\/2020\/02\/Michil_Costa.jpg&#8221; _builder_version=&#8221;4.1&#8243;][\/et_pb_image][\/et_pb_column][et_pb_column type=&#8221;1_2&#8243; _builder_version=&#8221;4.1&#8243; transform_scale=&#8221;96%|96%&#8221; animation_style=&#8221;fade&#8221;][et_pb_text _builder_version=&#8221;4.1&#8243; custom_margin=&#8221;|-280px||||&#8221; custom_padding=&#8221;5px|6px||0px||&#8221;]<\/p>\n<p style=\"text-align: left;\"><em>&#8220;Die Gemeinwohl-\u00d6konomie hat sanfte Energie in das Unternehmen gebracht Wir arbeiten hart, aber wir reservieren uns Zeit f\u00fcr die Beziehungen des anderen. Die Motivation der Mitarbeiter ist gr\u00f6\u00dfer. Die Kundenzufriedenheit ist h\u00f6her denn je, und die Teilnahme- und Rentabilit\u00e4tsraten steigen weiter. Es hat mir gezeigt, dass wir auf der Grundlage von Transparenz, Fairness, Menschenw\u00fcrde und Umweltschutz Gesch\u00e4fte machen k\u00f6nnen, ohne die finanzielle Leistungsf\u00e4higkeit zu beeintr\u00e4chtigen.<\/em><\/p>\n<p style=\"text-align: right;\">[Michil Costa, Gesch\u00e4ftsf\u00fchrer des Hotels La Perla in Corvara, Italien]<\/p>\n<p>[\/et_pb_text][\/et_pb_column][\/et_pb_row][\/et_pb_section][et_pb_section fb_built=&#8221;1&#8243; _builder_version=&#8221;4.1&#8243;][et_pb_row column_structure=&#8221;1_2,1_2&#8243; _builder_version=&#8221;4.1&#8243;][et_pb_column type=&#8221;1_2&#8243; _builder_version=&#8221;4.1&#8243;][et_pb_text _builder_version=&#8221;4.1&#8243;]<\/p>\n<h2><strong>Warum die Gemeinwohl-Bilanz f\u00fcr Unternehmen<br \/>\n<\/strong><\/h2>\n<p>Die Gemeinwohl-Bilanz (GW-Bilanz) ist ein konkretes Instrument, das den Unternehmen zur Verf\u00fcgung steht:<\/p>\n<ul>\n<li>Die 5 Grundwerte (Menschenw\u00fcrde, \u00f6kologische Nachhaltigkeit, soziale Gerechtigkeit, Solidarit\u00e4t, Transparenz und demokratische Beteiligung) werden dazu in Bezug gesetzt.<\/li>\n<li>Die GW-Bilanz kann zur Erf\u00fcllung der Anforderungen der nichtfinanziellen Berichterstattung (CSR) verwendet werden.<br \/>\nDer gesamte Prozess kann von zertifizierten\/anerkannten Gemeinwohl-Berater*innen begleitet und Gemeinwohl-Auditor*innen zertifiziert werden.<\/li>\n<\/ul>\n<p>[\/et_pb_text][\/et_pb_column][et_pb_column type=&#8221;1_2&#8243; _builder_version=&#8221;4.1&#8243;][et_pb_text _builder_version=&#8221;4.1&#8243;]<\/p>\n<h2><strong>Was ist die Gemeinwohl-Bilanz f\u00fcr Unternehmen?<\/strong><\/h2>\n<p>Die Gemeinwohl-Bilanz setzt sich zusammen aus:<br \/>\n&#8211; Einem Bericht<br \/>\n&#8211; Einem Verfahren ausgehend von einer Selbstbewertung, das zur Vergabe einer Punktzahl f\u00fchrt, die den Grad des Beitrags zum Gemeinwohl angibt<br \/>\n&#8211; Einer Validierung der Selbstbewertung durch ein Peer-Evaluierung oder ein externes Auditverfahren<br \/>\nDie Erstellung einer Gemeinwohl-Bilanz macht deutlich, wie jeder Wert von der Organisation in ihrer Beziehung zu den einzelnen Stakeholdern erlebt wird, welches Verbesserungspotenzial besteht und welche Themen es wert sind, in einer systemischen Strategie weiter entwickelt zu werden.<br \/>\nNach der Validierung kann die Gemeinwohl-Bilanz nach Zahlung des Mitgliedsbeitrags an die nationale Vereinigung der Gemeinwohl\u00f6konomie ver\u00f6ffentlicht werden.<\/p>\n<p>&nbsp;[\/et_pb_text][\/et_pb_column][\/et_pb_row][et_pb_row column_structure=&#8221;2_5,3_5&#8243; _builder_version=&#8221;4.1&#8243;][et_pb_column type=&#8221;2_5&#8243; _builder_version=&#8221;4.1&#8243;][et_pb_text _builder_version=&#8221;4.1&#8243;]<\/p>\n<h2><strong>Die Gemeinwohl-Matrix f\u00fcr Unternehmen<\/strong><\/h2>\n<p>Die Gemeinwohl-Matrix ist das Herzst\u00fcck, der Ausgangspunkt und der Leitfaden f\u00fcr die Erstellung der Gemeinwohl-Bilanz f\u00fcr Unternehmen.<\/p>\n<p>Sie besteht aus 20 Themen, welche sich aus der Anwendung der 5 Grundwerte bei den 5 wichtigsten Ber\u00fchurngsgruppen sind.<\/p>\n<p>Die Analyse des eigenen Unternehmens anhand der Themen der Matrix erm\u00f6glicht eine systematische Bewertung der \u00f6kologischen, sozialen und wirtschaftlichen Wertsch\u00f6pfung der Organisation.<\/p>\n<p><a href=\"https:\/\/www.economia-del-bene-comune.it\/wp-content\/uploads\/2020\/02\/matrice_ebc_5-0it-1.pdf\" target=\"_blank\" rel=\"noopener noreferrer\">Laden Sie hier die 5.0-Matrix<\/a> f\u00fcr Unternehmen herunter![\/et_pb_text][\/et_pb_column][et_pb_column type=&#8221;3_5&#8243; _builder_version=&#8221;4.1&#8243;][et_pb_image src=&#8221;https:\/\/www.economia-del-bene-comune.it\/wp-content\/uploads\/2020\/02\/MatriceEBC_Imprese.jpg&#8221; url=&#8221;https:\/\/www.economia-del-bene-comune.it\/wp-content\/uploads\/2020\/02\/matrice_ebc_5-0it-1.pdf&#8221; url_new_window=&#8221;on&#8221; _builder_version=&#8221;4.1&#8243;][\/et_pb_image][\/et_pb_column][\/et_pb_row][et_pb_row column_structure=&#8221;2_5,3_5&#8243; _builder_version=&#8221;4.1&#8243;][et_pb_column type=&#8221;2_5&#8243; _builder_version=&#8221;4.1&#8243;][et_pb_text _builder_version=&#8221;4.1&#8243;]<\/p>\n<h2>DAS HANDBUCH F\u00dcR UNTERNEHMEN<\/h2>\n<p>Das Handbuch bzw. Arbeitsbuch zur Gemeinwohl-Bilanz f\u00fcr Unternehmen ist das Instrument, das die Erstellung des Berichts und die Selbsteinsch\u00e4tzung des Beitrags des Unternehmens zum Gemeinwohl begleitet.<\/p>\n<p>Das Handbuch enth\u00e4lt:<\/p>\n<ul>\n<li>Ausf\u00fchrliche Beschreibungen der einzelnen Themen und Aspekte<\/li>\n<li>Die Merkmale des Gemeinwohl-Unternehmens f\u00fcr jedes Thema<\/li>\n<li>Leitfragen zur Einleitung einer Reflexion innerhalb der Organisation<\/li>\n<li>Eine Liste von Evidenzindikatoren f\u00fcr jeden Aspekt<\/li>\n<li>Bewertungstabelle f\u00fcr alle Aspekte<\/li>\n<\/ul>\n<p><a href=\"https:\/\/www.economia-del-bene-comune.it\/wp-content\/uploads\/2020\/02\/ebc_manuale_5-0-1-02.pdf\" target=\"_blank\" rel=\"noopener noreferrer\">Laden Sie hier das Handbuch<\/a> zur Gemeinwohl-Bilanz f\u00fcr Unternehmen (Versione 5.0) herunter![\/et_pb_text][\/et_pb_column][et_pb_column type=&#8221;3_5&#8243; _builder_version=&#8221;4.1&#8243;][et_pb_image src=&#8221;https:\/\/www.economia-del-bene-comune.it\/wp-content\/uploads\/2020\/02\/ManualeEBC_imprese.jpg&#8221; url=&#8221;https:\/\/www.economia-del-bene-comune.it\/wp-content\/uploads\/2020\/02\/ebc_manuale_5-0-1-02.pdf&#8221; url_new_window=&#8221;on&#8221; _builder_version=&#8221;4.1&#8243;][\/et_pb_image][\/et_pb_column][\/et_pb_row][et_pb_row column_structure=&#8221;2_5,3_5&#8243; _builder_version=&#8221;4.1&#8243;][et_pb_column type=&#8221;2_5&#8243; _builder_version=&#8221;4.1&#8243;][et_pb_text _builder_version=&#8221;4.1&#8243;]<\/p>\n<h2>DER GEMEINWOHL-RECHNER F\u00dcR DIE UNTERNEHMEN<\/h2>\n<p>Nachdem Sie die Punktzahlen f\u00fcr jeden Aspekt der Matrix mit Hilfe der im Handbuch vorgeschlagenen Bewertungsebenen bestimmt haben, k\u00f6nnen Sie diese in den GW-Rechner eingeben, um die Endpunktzahl zu erhalten. Im Rechner werden die einzelnen Bewertungen, ausgedr\u00fcckt auf einer Skala von 1 bis 10, nach verschiedenen Kriterien gewichtet (Gr\u00f6\u00dfe der Organisation, Umsatz, Gewinn, Anzahl der Mitarbeiter, T\u00e4tigkeitsbereich, Herkunft der Hauptlieferanten, &#8230; ), die den tats\u00e4chlichen Grad der Relevanz der einzelnen Themen und Aspekte bestimmen.<\/p>\n<p>Lade hier den <a href=\"https:\/\/www.economia-del-bene-comune.it\/wp-content\/uploads\/2020\/03\/Calcolatore_5_0_2_vollbilanz.xlsx\" target=\"_blank\" rel=\"noopener noreferrer\">GW-Rechner<\/a> herunter!<\/p>\n<p>In dieser Beschreibung ist die <a href=\"https:\/\/www.economia-del-bene-comune.it\/wp-content\/uploads\/2020\/03\/Explanation_CalculatorCompany5-0.pdf\" target=\"_blank\" rel=\"noopener noreferrer\">Gewichtung<\/a> erkl\u00e4rt.[\/et_pb_text][\/et_pb_column][et_pb_column type=&#8221;3_5&#8243; _builder_version=&#8221;4.1&#8243;][et_pb_image src=&#8221;https:\/\/www.economia-del-bene-comune.it\/wp-content\/uploads\/2020\/03\/RisultatoCalcolatoreEBC-1.jpg&#8221; url=&#8221;https:\/\/www.economia-del-bene-comune.it\/wp-content\/uploads\/2020\/02\/ebc_manuale_5-0-1-02.pdf&#8221; url_new_window=&#8221;on&#8221; _builder_version=&#8221;4.1&#8243;][\/et_pb_image][\/et_pb_column][\/et_pb_row][et_pb_row column_structure=&#8221;1_2,1_2&#8243; _builder_version=&#8221;4.1&#8243;][et_pb_column type=&#8221;1_2&#8243; _builder_version=&#8221;4.1&#8243;][et_pb_text _builder_version=&#8221;4.1&#8243;]<\/p>\n<h2>DER PROZESS DER VALIDIERUNG: PEER UND AUDIT<\/h2>\n<p>Sobald der Bericht und der Selbstbewertungsprozess abgeschlossen sind, m\u00fcssen sie validiert werden, um die Gemeinwohl-Bilanz vollst\u00e4ndig und publizierbar zu machen. Die GW\u00d6 bietet die folgenden M\u00f6glichkeiten:<\/p>\n<ul>\n<li>Die &#8220;<strong>Peer-Evaluierung<\/strong>&#8221; ist eine von einem Gemeinwohl-Berater begleitete Erstellung des Gemeinwohl-Berichts in der Gruppe und anschlie\u00dfende gegenseitige Bewertung, wobei der Gemeinwohl-Berater die korrekte Anwendung der Methode und Bewertung der Themen und Aspekte garantiert. An der Peer-Evaluation sind mindestens 3 verschiedene Organisationen beteiligt, welche die Ergebnisse der anderen 2 Teilnehmer validieren. Am Ende des Gruppenprozesses erh\u00e4lt jede Organisation ein Zertifikat &#8220;Peer-Evaluierung&#8221;.<\/li>\n<li>Das <strong>externe Audit<\/strong> ist eine von einem GW\u00d6-Auditor vorgenommene Validierung,, der das Unternehmen gem\u00e4\u00df der Beschreibung im Bericht anhand der Bewertungstabellen bewertet und die Wahrhaftigkeit der Inhalte des Gemeinwohl-Berichts garantiert.\n<p>Eine detaillierte Anleitung zum Prozess und zum Audit in Italien kann hier herunter geladen werden:<br \/><strong><a href=\"https:\/\/www.economia-del-bene-comune.it\/wp-content\/uploads\/2021\/08\/Leitfaden_Audit_Gemeinwohl-Bilanz_Italien.pdf\">Leitfaden_Audit_Gemeinwohl-Bilanz_Italien.pdf<\/a><\/strong><br \/>Die Internationalen Qualit\u00e4ts-Sicherungs Standards f\u00fcr GW\u00d6-Audits und die Mindestanforderungen f\u00fcr einen Gemeinwohl-Bericht sind hier zu finden:<br \/><strong><a href=\"https:\/\/www.economia-del-bene-comune.it\/wp-content\/uploads\/2021\/08\/Internationale-QS-Standards-fu%CC%88r-GWO%CC%88-Audits.pdf\">Internationale QS Standards f\u00fcr GW\u00d6-Audits.pdf<\/a><\/strong><br \/><strong><a href=\"https:\/\/www.economia-del-bene-comune.it\/wp-content\/uploads\/2021\/08\/Ansuchen_eAudit-Italien_ebc_bo.pdf\">Antrag und Preise f\u00fcr das externe Audit in Italien<\/a><\/strong>: -&gt; <strong><a href=\"https:\/\/www.economia-del-bene-comune.it\/wp-content\/uploads\/2021\/08\/Ansuchen_eAudit-Italien_ebc_bo.pdf\">Antragsformular Audit<\/a><\/strong>, zu schicken an <a href=\"mailto:audit@febc.eu\">audit@febc.eu<\/a><\/p>\n<\/li>\n<\/ul>\n<p>Am Ende des Validierungsprozesses ist die Gemeinwohl-Bilanz zur Ver\u00f6ffentlichung bereit.<\/p>\n<p>[\/et_pb_text][\/et_pb_column][et_pb_column type=&#8221;1_2&#8243; _builder_version=&#8221;4.1&#8243;][et_pb_text _builder_version=&#8221;4.1&#8243;]<\/p>\n<h2>GW\u00d6-LABEL<br \/>\n(In Ausarbeitung!)<\/h2>\n<p>Unternehmen, die ihre Gemeinwohlbilanz abgeschlossen und ver\u00f6ffentlicht haben, k\u00f6nnen bald ein GW\u00d6-Label verwenden, das auf den Produkten angebracht wird und f\u00fcr die folgenden 2 Jahre g\u00fcltig ist. Auf diese Weise k\u00f6nnen die Verbraucher ihr &#8220;Portfolio-Voting&#8221; anwenden und dabei Unternehmen mit dem besten Beitrag zum Gemeinwohl den Vorrang geben<\/p>\n<p>&nbsp;[\/et_pb_text][et_pb_image src=&#8221;https:\/\/www.economia-del-bene-comune.it\/wp-content\/uploads\/2020\/03\/Label.jpg&#8221; _builder_version=&#8221;4.1&#8243;][\/et_pb_image][\/et_pb_column][\/et_pb_row][et_pb_row column_structure=&#8221;1_2,1_2&#8243; _builder_version=&#8221;4.1&#8243;][et_pb_column type=&#8221;1_2&#8243; _builder_version=&#8221;4.1&#8243;][et_pb_text _builder_version=&#8221;4.1&#8243;]<\/p>\n<h2>Die Gemeinwohl-Bilanz f\u00fcr die Nicht-Finanzielle Berichterstattung nutzen<\/h2>\n<p>Mehrere Unternehmen entscheiden sich daf\u00fcr, die Gemeinwohl-Bilanz f\u00fcr ihren Sozial- oder Nachhaltigkeitsbericht zu verwenden und\/oder die bestehenden Vorschriften f\u00fcr die nichtfinanzielle Berichterstattung einzuhalten.<\/p>\n<p>Zurzeit folgende Unternehmen verpflichtet, die Nicht-Finanzielle Berichterstattung zu verwenden:<\/p>\n<ul>\n<li><strong>Einrichtungen des Dritten Sektors<\/strong> mit einem Einkommen <strong>von mehr als 1 Million Euro<\/strong> und alle <strong>sozialen Unternehmen<\/strong> sind verpflichtet, den j\u00e4hrlichen Sozialbericht zu ver\u00f6ffentlichen (Gesetzesverordnung 117\/2017).<br \/>\n<a href=\"https:\/\/www.economia-del-bene-comune.it\/wp-content\/uploads\/2020\/03\/Comparazione_LineeGuidaBS_MatriceEBC.pdf\" target=\"_blank\" rel=\"noopener noreferrer\"><strong>Laden Sie die Abstimmungstabelle zwischen GW\u00d6-Matrix und Richtlinien herunter<\/strong><\/a> (ex DM 186\/2019)<br \/>\n<a href=\"\/?p=6790\" target=\"_blank\" rel=\"noopener noreferrer\">Lesen Sie den vertiefenden Artikel (uin italienischer Sorache)<\/a><\/li>\n<li><strong>\u201eBenefit\u201c-Unternehmen<\/strong> sind verpflichtet, j\u00e4hrlich einen &#8220;<strong>Bericht \u00fcber die Verfolgung der Ziele des Gemeinwohls<\/strong>&#8221; zu ver\u00f6ffentlichen (Gesetz 208\/2015, c.376-384 und Anlagen 4 und 5).<br \/>\nLaden Sie die <strong>Abstimmungstabelle zwischen GW\u00d6-Matrix und Richtlinien<\/strong> herunter (Demn\u00e4chst erh\u00e4ltlich)<\/li>\n<li><strong>Unternehmen des \u00f6ffentlichem Interesses <\/strong>oder <strong>gro\u00dfe Unternehmensgruppen<\/strong> (Anzahl der Mitarbeiter &gt; 500 und Bilanz &gt; 20 Millionen Euro oder Nettoeinnahmen aus Verk\u00e4ufen und Dienstleistungen &gt; 40 Millionen Euro) sind verpflichtet, j\u00e4hrlich eine &#8220;<strong>Nicht-Finanzielle Berichterstattung<\/strong>&#8221; zu ver\u00f6ffentlichen.<br \/>\nLaden Sie die <strong>Abstimmungstabelle zwischen GW\u00d6-Matrix und Richtlinien herunter<\/strong> (Demn\u00e4chst erh\u00e4ltlich)<\/li>\n<\/ul>\n<p>[\/et_pb_text][\/et_pb_column][et_pb_column type=&#8221;1_2&#8243; _builder_version=&#8221;4.1&#8243;][et_pb_text _builder_version=&#8221;4.1&#8243;]<\/p>\n<h2>Kontaktieren Sie einen GW\u00d6-Berater oder f\u00fcr ein GW\u00d6-Audit<\/h2>\n<p>Der Dachverein f\u00fcr die Gemeinwohl-\u00d6konomie in Italien hat den Schwerpunkt seiner T\u00e4tigkeit in der F\u00f6rderung und Verbreiterung des Gemeinwohl-Gedankens und darin, ein Netzwerk zu bilden, auf regionaler, nationaler und internationaler Ebene.<br \/>\nDie professionelle T\u00e4tigkeit wird delegiert an:<\/p>\n<ul>\n<li>Qualifizierte GW\u00d6-Berater beraten und begleiten Unternehmen und andere Organisationen bei der Erstellung der Gemeinwohl-Bilanz, und f\u00fchren die \u201ePeer-Evaluierung\u201c durch.<\/li>\n<li>GW\u00d6-Auditoren f\u00fchren eine externes Audit des Gemeinwohl-Berichts durch, welcher sowohl von einem Unternehmen allein erstellt als auch von einem GW\u00d6-Berater in einer Einzel-Beratung oder in einem Gruppenprozess begleitet werden kann.<\/li>\n<\/ul>\n<p>&nbsp;[\/et_pb_text][et_pb_button button_url=&#8221;\/?page_id=7124&#8243; url_new_window=&#8221;on&#8221; button_text=&#8221;Kontaktiere einen GW\u00d6-Berater&#8221; _builder_version=&#8221;4.1&#8243;][\/et_pb_button][et_pb_button button_url=&#8221;\/?page_id=7147&#8243; url_new_window=&#8221;on&#8221; button_text=&#8221;Kontaktiere f\u00fcr ein GW\u00d6-Audit&#8221; _builder_version=&#8221;4.1&#8243;][\/et_pb_button][\/et_pb_column][\/et_pb_row][\/et_pb_section][et_pb_section fb_built=&#8221;1&#8243; _builder_version=&#8221;4.1&#8243;][et_pb_row column_structure=&#8221;1_3,1_3,1_3&#8243; _builder_version=&#8221;4.1&#8243;][et_pb_column type=&#8221;1_3&#8243; _builder_version=&#8221;4.1&#8243;][et_pb_image src=&#8221;https:\/\/networld.gwoe.ch\/wp-content\/uploads\/2020\/02\/icon_lighthouse_blue-300&#215;300.png&#8221; align=&#8221;center&#8221; _builder_version=&#8221;4.1&#8243; min_height=&#8221;50px&#8221; height=&#8221;161px&#8221; max_height=&#8221;375px&#8221; custom_margin=&#8221;|-26px|-12px|||&#8221; custom_padding=&#8221;|87px||87px||true&#8221; animation_style=&#8221;fade&#8221;][\/et_pb_image][et_pb_text _builder_version=&#8221;4.1&#8243; text_letter_spacing=&#8221;34px&#8221;]<\/p>\n<h1 style=\"text-align: center;\">PIONIERUNTERNEHMEN IN ITALIEN<\/h1>\n<p>[\/et_pb_text][\/et_pb_column][et_pb_column type=&#8221;1_3&#8243; _builder_version=&#8221;4.1&#8243;][et_pb_image src=&#8221;https:\/\/www.economia-del-bene-comune.it\/wp-content\/uploads\/2020\/03\/CLM.png&#8221; align=&#8221;center&#8221; _builder_version=&#8221;4.1&#8243; min_height=&#8221;223px&#8221;][\/et_pb_image][et_pb_toggle title=&#8221;CLM &#8211; VERONA&#8221; _builder_version=&#8221;4.1&#8243; _dynamic_attributes=&#8221;link_option_url&#8221; min_height=&#8221;18px&#8221; link_option_url=&#8221;@ET-DC@eyJkeW5hbWljIjp0cnVlLCJjb250ZW50IjoicG9zdF9saW5rX3VybF9hdHRhY2htZW50Iiwic2V0dGluZ3MiOnsicG9zdF9pZCI6IjYzNTgifX0=@&#8221;]<\/p>\n<div><strong>CLM Cooperativa Lavoratori Metalmeccanici 2019<\/strong><\/div>\n<div>\n<div>Bezugsjahr 2017- 2018<\/div>\n<div>Base: Matrice Versione 5.0<\/div>\n<div>Sektor: Metallarbeiter Kontakt:<\/div>\n<div>Kontakt:<\/div>\n<\/div>\n<div><a href=\"mailto:contatti@clm.coop\">contatti@clm.coop<\/a><\/div>\n<div><a href=\"http:\/\/www.clm.coop\/\">http:\/\/www.clm.coop\/<\/a><br \/>\nEBC-Territorialgruppe: Venetien<\/div>\n<div>\n<div title=\"Page 1\">\n<p><strong style=\"color: var(--dark-font); font-family: var(--roman-font); font-size: 14px; letter-spacing: 0.2px;\">Scarica il <a href=\"https:\/\/www.economia-del-bene-comune.it\/wp-content\/uploads\/2020\/02\/CLM_BBC_Layout_Brief_peer.pdf\" target=\"_blank\" rel=\"noopener noreferrer\">Bilancio di CLM<\/a>!<\/strong><\/p>\n<p>&nbsp;<\/p>\n<\/div>\n<\/div>\n<p>[\/et_pb_toggle][\/et_pb_column][et_pb_column type=&#8221;1_3&#8243; _builder_version=&#8221;4.1&#8243;][et_pb_image src=&#8221;https:\/\/networld.gwoe.ch\/wp-content\/uploads\/2020\/02\/sadesign.png&#8221; align=&#8221;center&#8221; _builder_version=&#8221;4.1&#8243;][\/et_pb_image][et_pb_toggle title=&#8221;SADESIGN &#8211; TRENTO&#8221; _builder_version=&#8221;4.1&#8243;]<\/p>\n<div><strong>SADESIGN<\/strong><\/div>\n<div><strong>Creative Merchandising <\/strong><strong style=\"font-size: 14px; color: var(--dark-font); font-family: var(--roman-font); letter-spacing: 0.2px;\">2019<\/strong><\/div>\n<div>\n<div><\/div>\n<div>Anno di riferimento 2018<\/div>\n<div>Base: Matrice Versione 5.0<\/div>\n<div>Settore: Merchandising<\/div>\n<div>Contatti:<\/div>\n<\/div>\n<p><a style=\"font-size: 14px; font-family: var(--roman-font); letter-spacing: 0.2px;\" href=\"mailto:contatti@clm.coop\">info@sadesign.it<\/a><span style=\"font-size: 14px; color: var(--dark-font); font-family: var(--roman-font); letter-spacing: 0.2px;\"><br \/>\n<\/span><a style=\"font-size: 14px; font-family: var(--roman-font); letter-spacing: 0.2px;\" href=\"http:\/\/www.sadesign.it\">http:\/\/www.sadesign.it<br \/>\n<\/a><span style=\"font-size: 14px; color: var(--dark-font); font-family: var(--roman-font); letter-spacing: 0.2px;\">Gruppo territoriale EBC: Trentino<\/span><\/p>\n<div>\n<div title=\"Page 1\">\n<div>\n<div title=\"Page 1\"><strong style=\"color: var(--dark-font); font-family: var(--roman-font); font-size: 14px; letter-spacing: 0.2px;\">Scaric<a href=\"https:\/\/www.economia-del-bene-comune.it\/wp-content\/uploads\/2020\/02\/191224-BBC_Layout_Sadesign-Peer-1.pdf\" target=\"_blank\" rel=\"noopener noreferrer\">a il Bilancio di SADESIGN!<\/a><\/strong><\/div>\n<\/div>\n<\/div>\n<\/div>\n<p>&nbsp;[\/et_pb_toggle][\/et_pb_column][\/et_pb_row][et_pb_row column_structure=&#8221;1_3,1_3,1_3&#8243; _builder_version=&#8221;4.1&#8243;][et_pb_column type=&#8221;1_3&#8243; _builder_version=&#8221;4.1&#8243;][et_pb_image src=&#8221;https:\/\/www.economia-del-bene-comune.it\/wp-content\/uploads\/2020\/02\/Pineta.png&#8221; align=&#8221;center&#8221; _builder_version=&#8221;4.1&#8243; min_height=&#8221;223px&#8221;][\/et_pb_image][et_pb_toggle title=&#8221;PINETA HOTELS &#8211; PREDAIA (TN)&#8221; _builder_version=&#8221;4.1&#8243; _dynamic_attributes=&#8221;link_option_url&#8221; min_height=&#8221;18px&#8221; link_option_url=&#8221;@ET-DC@eyJkeW5hbWljIjp0cnVlLCJjb250ZW50IjoicG9zdF9saW5rX3VybF9hdHRhY2htZW50Iiwic2V0dGluZ3MiOnsicG9zdF9pZCI6IjYzNTgifX0=@&#8221;]<\/p>\n<div><strong> Pineta Hotels 2019<\/strong><\/div>\n<div>\n<div>Anno riferimento 2017- 2018<\/div>\n<div>Base: Matrice Versione 5.0<\/div>\n<div>Settore: Alberghiero, Ristorazione, Wellness<\/div>\n<div>Contatti:<\/div>\n<\/div>\n<div><a title=\"Page 1\" href=\"mailto:info@pinetahotels.it\">info@pinetahotels.it<\/a><\/div>\n<div><a href=\"https:\/\/www.pinetahotels.it\/it\/\">https:\/\/www.pinetahotels.it\/it\/<\/a><br \/>\nGruppo territoriale EBC: Trentino<\/div>\n<div>\n<div title=\"Page 1\">\n<p><strong style=\"color: var(--dark-font); font-family: var(--roman-font); font-size: 14px; letter-spacing: 0.2px;\">Scarica i<a href=\"https:\/\/www.economia-del-bene-comune.it\/wp-content\/uploads\/2020\/02\/bilancio-pineta.pdf\" target=\"_blank\" rel=\"noopener noreferrer\">l Bilancio di Pineta Hotels!<\/a><\/strong><\/p>\n<p>&nbsp;<\/p>\n<\/div>\n<\/div>\n<p>[\/et_pb_toggle][\/et_pb_column][et_pb_column type=&#8221;1_3&#8243; _builder_version=&#8221;4.1&#8243;][et_pb_image src=&#8221;https:\/\/www.economia-del-bene-comune.it\/wp-content\/uploads\/2020\/02\/Iris-marchio.jpg&#8221; url=&#8221;https:\/\/www.economia-del-bene-comune.it\/wp-content\/uploads\/2020\/03\/BBC_Layout_Brief_Peer_IRIS_Final-3.pdf&#8221; url_new_window=&#8221;on&#8221; align=&#8221;center&#8221; _builder_version=&#8221;4.1&#8243; max_width=&#8221;71%&#8221; min_height=&#8221;223px&#8221;][\/et_pb_image][et_pb_toggle title=&#8221;IRIS S. COOP &#8211; CALVATONE (CR)&#8221; _builder_version=&#8221;4.1&#8243; _dynamic_attributes=&#8221;link_option_url&#8221; min_height=&#8221;18px&#8221; link_option_url=&#8221;@ET-DC@eyJkeW5hbWljIjp0cnVlLCJjb250ZW50IjoicG9zdF9saW5rX3VybF9hdHRhY2htZW50Iiwic2V0dGluZ3MiOnsicG9zdF9pZCI6IjYzNTgifX0=@&#8221;]<\/p>\n<div><strong>IRIS Soc. Coop. Agricola 2019<\/strong><\/div>\n<div>\n<div>Anno riferimento 2017- 2018<\/div>\n<div>Base: Matrice Versione 5.0<\/div>\n<div>Settore: Produzione e commercializzazione prodotti ortofrutticoli<\/div>\n<div>Contatti:<\/div>\n<\/div>\n<div>Tel. +39 (0)375 97115<\/div>\n<div><a href=\"https:\/\/www.irisbio.com\/\">https:\/\/www.irisbio.com\/<\/a><br \/>\nGruppo territoriale EBC: Piemonte<\/div>\n<div>\n<div title=\"Page 1\">\n<p><strong style=\"color: var(--dark-font); font-family: var(--roman-font); font-size: 14px; letter-spacing: 0.2px;\">Scarica il <a href=\"https:\/\/www.economia-del-bene-comune.it\/wp-content\/uploads\/2020\/02\/BBC_Layout_Brief-IRIS.pdf\" target=\"_blank\" rel=\"noopener noreferrer\">Bilancio di IRIS!<\/a><\/strong><\/p>\n<p>&nbsp;<\/p>\n<\/div>\n<\/div>\n<p>[\/et_pb_toggle][\/et_pb_column][et_pb_column type=&#8221;1_3&#8243; _builder_version=&#8221;4.1&#8243;][et_pb_image src=&#8221;https:\/\/www.economia-del-bene-comune.it\/wp-content\/uploads\/2020\/02\/Esociali.png&#8221; align=&#8221;center&#8221; _builder_version=&#8221;4.1&#8243; min_height=&#8221;223px&#8221;][\/et_pb_image][et_pb_toggle title=&#8221;ENERGIE SOCIALI &#8211; VERONA&#8221; _builder_version=&#8221;4.1&#8243;]<\/p>\n<div><strong>ENERGIE SOCIALI<\/strong><\/div>\n<div><strong>Cooperativa Sociale Onlus <\/strong><strong style=\"font-size: 14px; color: var(--dark-font); font-family: var(--roman-font); letter-spacing: 0.2px;\">2019<\/strong><\/div>\n<div>\n<div><\/div>\n<div><\/div>\n<div><\/div>\n<div><\/div>\n<div>Anno di riferimento 2018<\/div>\n<div>Base: Matrice Versione 5.0<\/div>\n<div>Settore: Servizi socio assistenziali educativi<\/div>\n<div>Contatti:<\/div>\n<\/div>\n<div><\/div>\n<div><\/div>\n<div><a href=\"http:\/\/www.sadesign.it\">www.energiesociali.it<\/a><\/div>\n<div>\n<div title=\"Page 1\">\n<p>&nbsp;<\/p>\n<div>Gruppo territoriale EBC: Veneto<\/div>\n<div>\n<div title=\"Page 1\">\n<p><strong>Scarica il <a href=\"https:\/\/www.economia-del-bene-comune.it\/wp-content\/uploads\/2020\/02\/BBC_Layout_Brief_EnergieSociali_Peer_Final.pdf\" target=\"_blank\" rel=\"noopener noreferrer\">Bilancio di ENERGIE SOCIALI!<\/a><\/strong><\/p>\n<\/div>\n<\/div>\n<\/div>\n<\/div>\n<p>[\/et_pb_toggle][\/et_pb_column][\/et_pb_row][et_pb_row column_structure=&#8221;1_3,1_3,1_3&#8243; _builder_version=&#8221;4.1&#8243;][et_pb_column type=&#8221;1_3&#8243; _builder_version=&#8221;4.1&#8243;][et_pb_toggle title=&#8221;MACROLIBRARSI &#8211; CESENA&#8221; _builder_version=&#8221;4.1&#8243; _dynamic_attributes=&#8221;link_option_url&#8221; min_height=&#8221;18px&#8221; link_option_url=&#8221;@ET-DC@eyJkeW5hbWljIjp0cnVlLCJjb250ZW50IjoicG9zdF9saW5rX3VybF9hdHRhY2htZW50Iiwic2V0dGluZ3MiOnsicG9zdF9pZCI6IjYzNTgifX0=@&#8221;]<\/p>\n<div><strong> Macrolibrarsi 2019<\/strong><\/div>\n<div><\/div>\n<div><\/div>\n<div>\n<div title=\"Page 1\">\n<p><strong style=\"color: var(--dark-font); font-family: var(--roman-font); font-size: 14px; letter-spacing: 0.2px;\">Scarica il <a href=\"https:\/\/www.economia-del-bene-comune.it\/wp-content\/uploads\/2020\/03\/2019_Macrolibrarsi_BBC_5.0it-eAudit-2_compressed.pdf\">Bilancio di Macrolibrarsi<\/a><\/strong><\/p>\n<p>Guarda il Rapporto <a href=\"https:\/\/www.economia-del-bene-comune.it\/wp-content\/uploads\/2020\/02\/20190222_rapporto-audit-macrolibrarsi_bo.pdf\">Audit di Macrolibrarsi<\/a><\/p>\n<\/div>\n<\/div>\n<p>[\/et_pb_toggle][\/et_pb_column][et_pb_column type=&#8221;1_3&#8243; _builder_version=&#8221;4.1&#8243;][et_pb_toggle title=&#8221;PANIFICO CAPPELLETTI E BONGIOVANNI &#8211; DOVADOLA (FC)&#8221; _builder_version=&#8221;4.1&#8243; _dynamic_attributes=&#8221;link_option_url&#8221; min_height=&#8221;18px&#8221; link_option_url=&#8221;@ET-DC@eyJkeW5hbWljIjp0cnVlLCJjb250ZW50IjoicG9zdF9saW5rX3VybF9hdHRhY2htZW50Iiwic2V0dGluZ3MiOnsicG9zdF9pZCI6IjYzNTgifX0=@&#8221;]<\/p>\n<div>\n<div><\/div>\n<\/div>\n<div>\n<div title=\"Page 1\">\n<p><strong style=\"color: var(--dark-font); font-family: var(--roman-font); font-size: 14px; letter-spacing: 0.2px;\">Scarica il <a href=\"https:\/\/www.economia-del-bene-comune.it\/wp-content\/uploads\/2020\/02\/2019-capelletti-bbc-5-0it-eaudit.pdf\" target=\"_blank\" rel=\"noopener noreferrer\">Panificio Cappelletti e Bongiovanni<\/a><\/strong><\/p>\n<p>Vedi anche l&#8217;<a href=\"https:\/\/www.economia-del-bene-comune.it\/wp-content\/uploads\/2020\/02\/20190130-rapporto-audit-capelletti-bo.pdf\" target=\"_blank\" rel=\"noopener noreferrer\">Audit<\/a><\/p>\n<\/div>\n<\/div>\n<p>[\/et_pb_toggle][\/et_pb_column][et_pb_column type=&#8221;1_3&#8243; _builder_version=&#8221;4.1&#8243;][et_pb_toggle title=&#8221;REMEDIA ERBE &#8211; SARSINA (FC)&#8221; _builder_version=&#8221;4.1&#8243;]<\/p>\n<div><\/div>\n<div><a href=\"https:\/\/www.remediaerbe.it\/\">https:\/\/www.remediaerbe.it\/<\/a><\/div>\n<div><\/div>\n<div>\n<div title=\"Page 1\">\n<div>Gruppo territoriale EBC: Romagna<\/div>\n<div>\n<div title=\"Page 1\">\n<p><strong>Scarica il\u00a0<\/strong><\/p>\n<\/div>\n<\/div>\n<\/div>\n<\/div>\n<p>[\/et_pb_toggle][\/et_pb_column][\/et_pb_row][et_pb_row _builder_version=&#8221;4.1&#8243;][et_pb_column type=&#8221;4_4&#8243; _builder_version=&#8221;4.1&#8243;][et_pb_button button_url=&#8221;@ET-DC@eyJkeW5hbWljIjp0cnVlLCJjb250ZW50IjoicG9zdF9saW5rX3VybF9wYWdlIiwic2V0dGluZ3MiOnsicG9zdF9pZCI6IjcyOTIifX0=@&#8221; url_new_window=&#8221;on&#8221; button_text=&#8221;Andere gemeinwohl-bilanzierte Unternehmen&#8221; button_alignment=&#8221;center&#8221; _builder_version=&#8221;4.1&#8243; _dynamic_attributes=&#8221;button_url&#8221; custom_button=&#8221;on&#8221; button_text_size=&#8221;17px&#8221;][\/et_pb_button][\/et_pb_column][\/et_pb_row][\/et_pb_section][et_pb_section fb_built=&#8221;1&#8243; _builder_version=&#8221;4.1&#8243;][et_pb_row column_structure=&#8221;1_4,1_4,1_4,1_4&#8243; _builder_version=&#8221;4.1&#8243;][et_pb_column type=&#8221;1_4&#8243; _builder_version=&#8221;4.1&#8243;][et_pb_blog posts_number=&#8221;1&#8243; include_categories=&#8221;49&#8243; excerpt_length=&#8221;120&#8243; show_more=&#8221;on&#8221; show_author=&#8221;off&#8221; show_date=&#8221;off&#8221; show_excerpt=&#8221;off&#8221; show_pagination=&#8221;off&#8221; module_class=&#8221;min grey-article-box show-event-date&#8221; _builder_version=&#8221;4.1&#8243; custom_margin=&#8221;0px||||false|false&#8221; custom_padding=&#8221;0px||||false|false&#8221;][\/et_pb_blog][\/et_pb_column][et_pb_column type=&#8221;1_4&#8243; _builder_version=&#8221;4.1&#8243;][et_pb_blog posts_number=&#8221;1&#8243; include_categories=&#8221;49&#8243; excerpt_length=&#8221;120&#8243; show_more=&#8221;on&#8221; show_author=&#8221;off&#8221; show_date=&#8221;off&#8221; show_excerpt=&#8221;off&#8221; show_pagination=&#8221;off&#8221; offset_number=&#8221;2&#8243; module_class=&#8221;min grey-article-box show-event-date&#8221; _builder_version=&#8221;4.1&#8243; custom_margin=&#8221;0px||||false|false&#8221; custom_padding=&#8221;0px||||false|false&#8221;][\/et_pb_blog][\/et_pb_column][et_pb_column type=&#8221;1_4&#8243; _builder_version=&#8221;4.1&#8243;][et_pb_blog posts_number=&#8221;1&#8243; include_categories=&#8221;49&#8243; excerpt_length=&#8221;120&#8243; show_more=&#8221;on&#8221; show_author=&#8221;off&#8221; show_date=&#8221;off&#8221; show_excerpt=&#8221;off&#8221; show_pagination=&#8221;off&#8221; offset_number=&#8221;3&#8243; module_class=&#8221;min grey-article-box show-event-date&#8221; _builder_version=&#8221;4.1&#8243; custom_margin=&#8221;0px||||false|false&#8221; custom_padding=&#8221;0px||||false|false&#8221;][\/et_pb_blog][\/et_pb_column][et_pb_column type=&#8221;1_4&#8243; _builder_version=&#8221;4.1&#8243;][et_pb_blog posts_number=&#8221;1&#8243; include_categories=&#8221;49&#8243; excerpt_length=&#8221;120&#8243; show_more=&#8221;on&#8221; show_author=&#8221;off&#8221; show_date=&#8221;off&#8221; show_excerpt=&#8221;off&#8221; show_pagination=&#8221;off&#8221; offset_number=&#8221;4&#8243; module_class=&#8221;min grey-article-box show-event-date&#8221; _builder_version=&#8221;4.1&#8243; custom_margin=&#8221;0px||||false|false&#8221; custom_padding=&#8221;0px||||false|false&#8221;][\/et_pb_blog][\/et_pb_column][\/et_pb_row][et_pb_row column_structure=&#8221;1_4,1_4,1_4,1_4&#8243; _builder_version=&#8221;4.1&#8243; _dynamic_attributes=&#8221;link_option_url&#8221; background_color=&#8221;#ffffff&#8221; background_image=&#8221;https:\/\/www.economia-del-bene-comune.it\/wp-content\/uploads\/2020\/01\/header.jpg&#8221; background_enable_image=&#8221;off&#8221; parallax=&#8221;on&#8221; min_height=&#8221;268px&#8221; link_option_url=&#8221;@ET-DC@eyJkeW5hbWljIjp0cnVlLCJjb250ZW50IjoicG9zdF9saW5rX3VybF9wYWdlIiwic2V0dGluZ3MiOnsicG9zdF9pZCI6IjYwMDkifX0=@&#8221; saved_tabs=&#8221;all&#8221; locked=&#8221;off&#8221;][et_pb_column type=&#8221;1_4&#8243; _builder_version=&#8221;4.1&#8243; _dynamic_attributes=&#8221;link_option_url&#8221; link_option_url=&#8221;@ET-DC@eyJkeW5hbWljIjp0cnVlLCJjb250ZW50IjoicG9zdF9saW5rX3VybF9wYWdlIiwic2V0dGluZ3MiOnsicG9zdF9pZCI6IjYwMDkifX0=@&#8221;][et_pb_image src=&#8221;https:\/\/www.economia-del-bene-comune.it\/wp-content\/uploads\/2020\/02\/icon_lighthouse_blue-150&#215;150.png&#8221; align=&#8221;center&#8221; _builder_version=&#8221;4.1&#8243; width=&#8221;76%&#8221; max_width=&#8221;84%&#8221; module_alignment=&#8221;center&#8221; min_height=&#8221;100px&#8221; height=&#8221;119px&#8221; animation_style=&#8221;fade&#8221;][\/et_pb_image][et_pb_button button_url=&#8221;@ET-DC@eyJkeW5hbWljIjp0cnVlLCJjb250ZW50IjoicG9zdF9saW5rX3VybF9wYWdlIiwic2V0dGluZ3MiOnsicG9zdF9pZCI6IjY1ODEifX0=@&#8221; button_text=&#8221;Unternehmen&#8221; _builder_version=&#8221;4.1&#8243; _dynamic_attributes=&#8221;button_url&#8221; custom_padding=&#8221;15px||15px||false|false&#8221; custom_css_main_element=&#8221;width: 100%;||text-align: center;&#8221; box_shadow_style=&#8221;preset4&#8243;][\/et_pb_button][\/et_pb_column][et_pb_column type=&#8221;1_4&#8243; _builder_version=&#8221;4.1&#8243;][et_pb_image src=&#8221;https:\/\/www.economia-del-bene-comune.it\/wp-content\/uploads\/2020\/02\/icon_politics_blue-150&#215;150.png&#8221; align=&#8221;center&#8221; _builder_version=&#8221;4.1&#8243; max_width=&#8221;52%&#8221; min_height=&#8221;83px&#8221; custom_margin=&#8221;||33px|||&#8221; animation_style=&#8221;fade&#8221;][\/et_pb_image][et_pb_button button_url=&#8221;@ET-DC@eyJkeW5hbWljIjp0cnVlLCJjb250ZW50IjoicG9zdF9saW5rX3VybF9wYWdlIiwic2V0dGluZ3MiOnsicG9zdF9pZCI6IjcyNjEifX0=@&#8221; button_text=&#8221;Gemeinden&#8221; _builder_version=&#8221;4.1&#8243; _dynamic_attributes=&#8221;button_url&#8221; custom_padding=&#8221;15px||15px||false|false&#8221; custom_css_main_element=&#8221;width: 100%;||text-align: center;&#8221; box_shadow_style=&#8221;preset4&#8243;][\/et_pb_button][\/et_pb_column][et_pb_column type=&#8221;1_4&#8243; _builder_version=&#8221;4.1&#8243;][et_pb_image src=&#8221;https:\/\/www.economia-del-bene-comune.it\/wp-content\/uploads\/2020\/02\/icon_education_blue-300&#215;300.png&#8221; align=&#8221;center&#8221; _builder_version=&#8221;4.1&#8243; width=&#8221;76%&#8221; max_width=&#8221;84%&#8221; module_alignment=&#8221;center&#8221; min_height=&#8221;100px&#8221; height=&#8221;119px&#8221; animation_style=&#8221;fade&#8221;][\/et_pb_image][et_pb_button button_url=&#8221;@ET-DC@eyJkeW5hbWljIjp0cnVlLCJjb250ZW50IjoicG9zdF9saW5rX3VybF9wYWdlIiwic2V0dGluZ3MiOnsicG9zdF9pZCI6IjcyODUifX0=@&#8221; button_text=&#8221;Schulen und Bildungseinrichtugen&#8221; _builder_version=&#8221;4.1&#8243; _dynamic_attributes=&#8221;button_url&#8221; custom_padding=&#8221;15px||15px||false|false&#8221; custom_css_main_element=&#8221;width: 100%;||text-align: center;&#8221; box_shadow_style=&#8221;preset4&#8243;][\/et_pb_button][\/et_pb_column][et_pb_column type=&#8221;1_4&#8243; _builder_version=&#8221;4.1&#8243;][et_pb_image src=&#8221;https:\/\/www.economia-del-bene-comune.it\/wp-content\/uploads\/2020\/02\/icon_people_blue.png&#8221; align=&#8221;center&#8221; _builder_version=&#8221;4.1&#8243; width=&#8221;76%&#8221; max_width=&#8221;84%&#8221; module_alignment=&#8221;center&#8221; min_height=&#8221;100px&#8221; height=&#8221;119px&#8221; animation_style=&#8221;fade&#8221;][\/et_pb_image][et_pb_button button_url=&#8221;@ET-DC@eyJkeW5hbWljIjp0cnVlLCJjb250ZW50IjoicG9zdF9saW5rX3VybF9wYWdlIiwic2V0dGluZ3MiOnsicG9zdF9pZCI6IjcyODcifX0=@&#8221; button_text=&#8221;Einzelpersonen und Familien&#8221; _builder_version=&#8221;4.1&#8243; _dynamic_attributes=&#8221;button_url&#8221; custom_padding=&#8221;15px||15px||false|false&#8221; custom_css_main_element=&#8221;width: 100%;||text-align: center;&#8221; box_shadow_style=&#8221;preset4&#8243;][\/et_pb_button][\/et_pb_column][\/et_pb_row][\/et_pb_section]<\/p>\n","protected":false},"excerpt":{"rendered":"<p>[et_pb_section fb_built=&#8221;1&#8243; _builder_version=&#8221;4.1&#8243; collapsed=&#8221;off&#8221;][et_pb_row admin_label=&#8221;IL BILANCIO&#8221; _builder_version=&#8221;4.1&#8243; background_color=&#8221;#009da5&#8243; background_enable_image=&#8221;off&#8221; parallax=&#8221;on&#8221; width=&#8221;75.8%&#8221; min_height=&#8221;10px&#8221; custom_margin=&#8221;|9px||53px||&#8221; custom_padding=&#8221;|279px||||&#8221; border_color_all=&#8221;rgba(0,0,0,0)&#8221;][et_pb_column type=&#8221;4_4&#8243; _builder_version=&#8221;4.1&#8243; transform_scale=&#8221;96%|96%&#8221; animation_style=&#8221;fade&#8221;][et_pb_text _builder_version=&#8221;4.1&#8243; text_font=&#8221;||||||||&#8221; text_text_color=&#8221;#ffffff&#8221; background_layout=&#8221;dark&#8221; custom_margin=&#8221;|-234px||||&#8221;] Unternehmen [\/et_pb_text][\/et_pb_column][\/et_pb_row][\/et_pb_section][et_pb_section fb_built=&#8221;1&#8243; _builder_version=&#8221;4.1&#8243; collapsed=&#8221;off&#8221;][et_pb_row column_structure=&#8221;1_2,1_2&#8243; [&hellip;]<\/p>\n","protected":false},"author":17,"featured_media":0,"parent":0,"menu_order":0,"comment_status":"closed","ping_status":"closed","template":"","meta":{"_et_pb_use_builder":"on","_et_pb_old_content":"","_et_gb_content_width":"","_mi_skip_tracking":false,"_monsterinsights_sitenote_active":false,"_monsterinsights_sitenote_note":"","_monsterinsights_sitenote_category":0,"footnotes":""},"class_list":["post-6747","page","type-page","status-publish","hentry"],"_links":{"self":[{"href":"https:\/\/www.economia-del-bene-comune.it\/de\/wp-json\/wp\/v2\/pages\/6747","targetHints":{"allow":["GET"]}}],"collection":[{"href":"https:\/\/www.economia-del-bene-comune.it\/de\/wp-json\/wp\/v2\/pages"}],"about":[{"href":"https:\/\/www.economia-del-bene-comune.it\/de\/wp-json\/wp\/v2\/types\/page"}],"author":[{"embeddable":true,"href":"https:\/\/www.economia-del-bene-comune.it\/de\/wp-json\/wp\/v2\/users\/17"}],"replies":[{"embeddable":true,"href":"https:\/\/www.economia-del-bene-comune.it\/de\/wp-json\/wp\/v2\/comments?post=6747"}],"version-history":[{"count":12,"href":"https:\/\/www.economia-del-bene-comune.it\/de\/wp-json\/wp\/v2\/pages\/6747\/revisions"}],"predecessor-version":[{"id":10208,"href":"https:\/\/www.economia-del-bene-comune.it\/de\/wp-json\/wp\/v2\/pages\/6747\/revisions\/10208"}],"wp:attachment":[{"href":"https:\/\/www.economia-del-bene-comune.it\/de\/wp-json\/wp\/v2\/media?parent=6747"}],"curies":[{"name":"wp","href":"https:\/\/api.w.org\/{rel}","templated":true}]}}